{"id":428,"date":"2018-07-18T11:30:35","date_gmt":"2018-07-18T11:30:35","guid":{"rendered":"http:\/\/abileweb.com\/minimal-portfolio\/?page_id=108"},"modified":"2025-04-04T19:38:28","modified_gmt":"2025-04-04T17:38:28","slug":"about-me","status":"publish","type":"page","link":"https:\/\/simonaugade.fr\/?page_id=428","title":{"rendered":"CV"},"content":{"rendered":"\n<div class=\"wp-block-uagb-advanced-heading uagb-block-307e80cc\"><h1 class=\"uagb-heading-text\">Simon AUGADE<\/h1><p class=\"uagb-desc-text\"> N\u00e9 en 1987 dans les Hautes-Pyr\u00e9n\u00e9es  (Bagn\u00e8res-de-Bigorre)<br>Vit et travaille \u00e0 Lorient <br><br><\/p><\/div>\n\n\n\n<div class=\"wp-block-columns is-layout-flex wp-container-core-columns-is-layout-1 wp-block-columns-is-layout-flex\">\n<div class=\"wp-block-column is-layout-flow wp-block-column-is-layout-flow\" style=\"flex-basis:30%\">\n<div class=\"wp-block-getwid-image-box has-text-center has-mobile-layout-default has-mobile-alignment-default\"><div class=\"wp-block-getwid-image-box__image-container is-position-top\"><div class=\"wp-block-getwid-image-box__image-wrapper\"><img loading=\"lazy\" decoding=\"async\" width=\"718\" height=\"718\" src=\"https:\/\/simonaugade.fr\/wp-content\/uploads\/2023\/12\/DSC_6835lumps-WEB-Carre.jpg\" alt=\"\" class=\"wp-block-getwid-image-box__image wp-image-5805\" srcset=\"https:\/\/simonaugade.fr\/wp-content\/uploads\/2023\/12\/DSC_6835lumps-WEB-Carre.jpg 718w, https:\/\/simonaugade.fr\/wp-content\/uploads\/2023\/12\/DSC_6835lumps-WEB-Carre-300x300.jpg 300w, https:\/\/simonaugade.fr\/wp-content\/uploads\/2023\/12\/DSC_6835lumps-WEB-Carre-150x150.jpg 150w, https:\/\/simonaugade.fr\/wp-content\/uploads\/2023\/12\/DSC_6835lumps-WEB-Carre-500x500.jpg 500w\" sizes=\"auto, (max-width: 718px) 100vw, 718px\" \/><\/div><\/div><div class=\"wp-block-getwid-image-box__content\">\n<h3 class=\"wp-block-heading\"><\/h3>\n\n\n\n<p><\/p>\n<\/div><\/div>\n<\/div>\n\n\n\n<div class=\"wp-block-column is-layout-flow wp-block-column-is-layout-flow\" style=\"flex-basis:70%\">\n<p style=\"font-size:15px\">Simon AUGADE sort dipl\u00f4m\u00e9 en 2011 de L\u2019\u00c9cole Europ\u00e9enne Sup\u00e9rieure d\u2019Art de <br>Bretagne \u2013 site de Lorient. Il s\u2019investit tout entier dans des corps-\u00e0-corps se <br>confrontant \u00e0 la mati\u00e8re. L\u2019artiste questionne par des conceptions sculpturales <br>notre relation physique \u00e0 nos environnements et interroge \u00ab la tenue  des choses \u00bb. <br>Dans ses sculptures-installations qui tentent sans  cesse d\u2019agripper l\u2019espace et le <br>spectateur, il aborde les dualit\u00e9s  de notre monde. C\u2019est aussi pour lui une fa\u00e7on de <br>mettre en  \u00e9vidence la pr\u00e9carit\u00e9, la fragilit\u00e9, l\u2019aspect bancal et \u00e9ph\u00e9m\u00e8re  de nos vies <br>et des espaces que l\u2019on se construit. Il entretient un  dialogue r\u00e9current entre le <br>g\u00e9om\u00e9trique et l\u2019informel, la ligne (comme norme) et le d\u00e9bord, les contraintes <br>int\u00e9rieures et le  besoin irr\u00e9pressible de les transgresser\u2026<\/p>\n<\/div>\n<\/div>\n\n\n\n<div class=\"wp-block-advgb-columns advgb-columns-wrapper\" id=\"advgb-cols-39f219e1-1ec8-4d1b-86a3-f0d86413b9a5\"><div class=\"advgb-columns-container\"><div class=\"advgb-columns advgb-columns-row advgb-is-mobile advgb-columns-3 layout-12-14-14 mbl-layout-stacked vgutter-10\">\n<div class=\"wp-block-advgb-column advgb-column advgb-is-half-tablet advgb-is-full-mobile\" id=\"advgb-col-f72d02aa-d9c8-41c1-992e-859bc02fe5c0\"><div class=\"advgb-column-inner\" style=\"border-style:none;border-width:1px\"><\/div><\/div>\n\n\n\n<div class=\"wp-block-advgb-column advgb-column advgb-is-one-quarter-tablet advgb-is-full-mobile\" id=\"advgb-col-f33e67be-a674-470b-8c0d-d313d7665208\"><div class=\"advgb-column-inner\" style=\"border-style:none;border-width:1px\"><\/div><\/div>\n\n\n\n<div class=\"wp-block-advgb-column advgb-column advgb-is-one-quarter-tablet advgb-is-full-mobile\" id=\"advgb-col-a6341b49-5d8d-49f7-883e-e56a48d871f8\"><div class=\"advgb-column-inner\" style=\"border-style:none;border-width:1px\">\n<div class=\"aligncenter wp-block-ugb-button ugb-button-wrapper ugb-093ab68 ugb-button--collapse-mobile ugb-main-block\"><div class=\"ugb-inner-block\"><div class=\"ugb-block-content\"><div class=\"ugb-button-container\"><a class=\"ugb-button1 ugb-button ugb-button--size-normal ugb-button--ghost-to-normal-effect ugb--hover-effect-scale-more ugb-button--design-ghost\" href=\"http:\/\/simonaugade.fr\/wp-content\/uploads\/2020\/04\/REVUE-PRESSE-AU-29_04_2020_compresse.pdf\" rel=\"\" title=\"\"><span class=\"ugb-button--inner\">Revue de presse<\/span><\/a><\/div><\/div><\/div><\/div>\n\n\n\n<p><\/p>\n<\/div><\/div>\n<\/div><\/div><\/div>\n\n\n\n<p class=\"has-text-align-left has-background\" style=\"background-color:#000000;font-size:30px\"><span style=\"color: #ffffff;\" class=\"ugb-highlight\">R\u00c9SIDENCES<\/span><\/p>\n\n\n\n<p><strong><span style=\"color: #313131;\" class=\"ugb-highlight\">20<\/span><span style=\"color: #000000;\" class=\"stk-highlight\">25<\/span><\/strong><br><em>&#8211; De\u0301cloisonner<\/em>, Projet EAC, De\u0301partement Morbihan, Centre Morbihan Communaute\u0301, Ville de Locmine\u0301, \u00c9cole Notre Dame du Plasker, Colle\u0300ge Jean-Pierre Calloch, Lyc\u00e9e Anne de Bretagne, EHPAD Sainte Famille, Morbihan, LOCMINE.<br><strong><span style=\"color: #313131;\" class=\"ugb-highlight\">20<\/span><span style=\"color: #000000;\" class=\"stk-highlight\">24<\/span><\/strong><br><em>&#8211; Primo Domus<\/em>, Linkcity, CDC Habitat, Ville d\u2019Orly, Val-de-Marne, ORLY.<br><em>&#8211; Fragments d\u2019Echos<\/em>, Centre d\u2019Art les 3CHA, Ille-et-Vilaine, CHATEAUGIRON.<br><em>&#8211; Bois d\u2019Ente<\/em>, Domaine La Dournie, L\u2019Oriangerie du Cha\u0302teau, He\u0301rault, SAINT-CHINIAN.<br><em>&#8211; Souche<\/em>, Restauration de <em>Souche<\/em> cre\u0301e en 2018, Abbaye de l\u2019Escaladieu, proprie\u0301te\u0301 de\u0301partementale des Hautes-Pyre\u0301ne\u0301es, BONNEMAZON<br><strong><span style=\"color: #313131;\" class=\"ugb-highlight\">20<\/span><span style=\"color: #000000;\" class=\"stk-highlight\">23<\/span><\/strong><br><em>&#8211; Derrie\u0300re les Barreaux, Entre les Roseaux,<\/em> Maison de la Baie d\u2019Audierne, Com com du pays Bigouden Sud, Finiste\u0300re, TREGUENNEC.\u00a0<br><em>&#8211; Colonies,<\/em> Muse\u0301e des Ame\u0301riques, Gers, AUCH.<br><em>&#8211; Assaut,<\/em> Abbaye de Bon Repos, Co\u0302tes-d\u2019Armor, BON REPOS SUR BLAVET.<br><em>&#8211; Entre,<\/em> Muse\u0301e d\u2019Art Nai\u0308f et d\u2019Arts Singuliers (MANAS), Mayenne, LAVAL.<br><strong><span style=\"color: #313131;\" class=\"ugb-highlight\">20<\/span><span style=\"color:#000000\" class=\"color\">2<\/span><span style=\"color: #000000;\" class=\"stk-highlight\">2<\/span><\/strong><br><em>&#8211; A Travers les grilles, Passer les murs, <\/em>Centre des Arts Andre\u0301 Malraux, Finiste\u0300re, DOUARNENEZ<br>&#8211; <em>Pousse\u0301es<\/em> <em>d&rsquo;Ailleurs<\/em>, Ho\u0302tel 4 e\u0301toiles d\u2019Aillon et d\u2019Ailleurs, Savoie, AILLON-LE-JEUNE.<br>&#8211; <em>Fondement(s)<\/em>, Muse\u0301e Arcabas en Chartreuse, proprie\u0301te\u0301 du de\u0301partement de l\u2019Ise\u0300re, SAINT-PIERRE DE CHARTREUSE.<br><em>&#8211; L&rsquo;\u00e9loge des loges<\/em>, CAUE 56, DRAC, R\u00e9gion Bretagne, Lyc\u00e9e horticole, Morbihan, SAINT-JEAN BREVELAY<br><strong><span style=\"color: #313131;\" class=\"ugb-highlight\">20<\/span><span style=\"color:#000000\" class=\"color\">21<\/span><\/strong><br><em>&#8211; \u00c9corc\u00e9e<\/em>, Mus\u00e9e Dauphinois, propri\u00e9t\u00e9 du d\u00e9partement de l&rsquo;Is\u00e8re, GRENOBLE.<br>&#8211; <em>Processionnaires<\/em>, commande participative communale , Ille-et-Vilaine, CHATEAUBOURG.<br>&#8211; <em>Issue<\/em>, 1% artistique, commande publique In-situ, \u00c9tables-sur-Mer, C\u00f4tes d&rsquo;Armor, BINIC-ETABLES-SUR-MER.<br>&#8211; <em>\u00c9tangs d&rsquo;Art<\/em>, 13\u00e8me \u00e9dition, Liffr\u00e9\/Cormier communaut\u00e9, \u00e9tang de Chevr\u00e9, Ille-et-Vilaine, LA BOU\u00cbXIERE.<br>&#8211; <em>L&rsquo;Outre Douve<\/em>, Ch\u00e2teau-Mus\u00e9e de Saint-Germain de Livet, P\u00f4le Mus\u00e9al, Lisieux Agglom\u00e9ration, Normandie, SAINT-GERMAIN-DE-LIVET.<br><em>&#8211; Art &amp; Nature<\/em>, La Bambouseraie en C\u00e9vennes, Gard, GENERARGUES.<br>&#8211; <em>Assise<\/em>(s), Lyc\u00e9e des m\u00e9tiers Marie Le Franc, Morbihan, LORIENT.<br><strong><span style=\"color: #313131;\" class=\"ugb-highlight\">20<\/span><span style=\"color:#000000\" class=\"color\">20<\/span><\/strong><br><em>&#8211; Jardin des Arts, <\/em>18\u00e8me \u00e9dition, Les Entrepreneurs M\u00e9c\u00e8nes, Parc d&rsquo;Ar Milin&rsquo;, Ille-et-Vilaine, CHATEAUBOURG.<br><strong><span style=\"color: #313131;\" class=\"ugb-highlight\">2019<\/span><\/strong><br><em>&#8211; Nuit Blanche Mayenne<\/em>, Coll\u00e8ge Victor Hugo, Lassay-les-Ch\u00e2teaux, Centre d&rsquo;art Contemporain &#8211; Le Kiosque, MAYENNE.<br>&#8211; <em>Festival International de Jardins Hortillonnages Amiens<\/em>, 10\u00e8me \u00e9dition, Art et Jardins Hauts-de-France, Somme, AMIENS.<br>&#8211; <em>Intrant, sculpture in situ<\/em>, Mus\u00e9e des Beaux-Arts La Cohue, Morbihan, VANNES.<br><strong><span style=\"color: #313131;\" class=\"ugb-highlight\">2018<\/span><\/strong><br>&#8211; <em>Fl\u00e2nerie en art modeste<\/em>, Maison de la Baie, C\u00f4tes-d&rsquo;Armor, HILLION.<br>&#8211; <em>Arts \u00e0 la Pointe<\/em>, Parcours d&rsquo;art contemporain, Place de l&rsquo;Enfer et chemin du Treiz, Finist\u00e8re, DOUARNENEZ.<br>&#8211; <em>Arbres, regard d&rsquo;artistes<\/em>, Abbaye de l&rsquo;Escaladieu, propri\u00e9t\u00e9 d\u00e9partementale, Hautes-Pyr\u00e9n\u00e9es, BONNEMAZON.<br><strong><span style=\"color: #313131;\" class=\"ugb-highlight\">2017<\/span><\/strong><br><em>&#8211; Le Bois dans tous ses \u00e9tats<\/em>, Coll\u00e8ge Mar\u00e9chal Foch, association Le Transfo C2 l&rsquo;art, Hautes-Pyr\u00e9n\u00e9es, ARREAU.<br>&#8211; <em>Lieux Mouvants #4<\/em>, Ch\u00e2teau du Coscro, association Dialogues avec la nature, Morbihan, LIGNOL.<br>&#8211; <em>Palis ou le cheminement des pierres<\/em>, Ecole primaire publique S. Pradeau, Domaine de Kergu\u00e9hennec, Morbihan, ROCHEFORT-EN-TERRE.<br>&#8211; <em>Sortie de cadre<\/em>, Projet avec les \u00e9l\u00e8ves de CAP S\u00e9rigraphie industrielle, lyc\u00e9e Emile Zola, association Multi-Prises, Morbihan, HENNEBONT.<br><strong><span style=\"color: #313131;\" class=\"ugb-highlight\">2016<\/span><\/strong><br>&#8211; <em>Champ d&rsquo;Expression #4<\/em>, Parcours d&rsquo;art comtemporain \u00e0 la ferme, association Multi-Prises, La Fourmi-e, CENTRE BRETAGNE.<br>&#8211; <em>Soul\u00e8vement<\/em>, Domaine de Kergu\u00e9hennec, Morbihan, BIGNAN.<br>&#8211; <em>Travers<\/em>, Coll\u00e8ge Mathurin Martin, <em>L&rsquo;art dans les chapelles<\/em>, Morbihan, BAUD.<br>&#8211; <em>Les Naufrag\u00e9s de l&rsquo;\u00c9paule<\/em>, Lyc\u00e9e Victor Hugo, association Multi-Prises, Artoth\u00e8que Galerie Pierre Tal-Coat, Morbihan, HENNEBONT.<br>&#8211; <em>Le grand mariage des petits riens<\/em>, Cr\u00e9ation collective, Ecole des petits Murins, Domaine de Kergu\u00e9hennec, Le Forum, Morbihan,<br>\u00a0\u00a0 NIVILLAC.<br><strong><span style=\"color: #313131;\" class=\"ugb-highlight\">2015<\/span><\/strong><br>&#8211; <em>Sentier Battu<\/em>, La Cri\u00e9e Centre d&rsquo;Art Contemporain, Groupe Antoine de Saint-Exup\u00e9ry, site Giorgio Frassati, Ille-et-Vilaine, RENNES.<br>&#8211; <em>Premi\u00e8res lignes<\/em>, H\u00f4tel des Arts de la ville de Toulon, Le PLAC (Le Petit Lieu de l&rsquo;Art Contemporain), Var, TOULON.<br><strong><span style=\"color: #313131;\" class=\"ugb-highlight\">2014<\/span><\/strong><br><em>&#8211; #31\/32 S. Augade &amp; R. Lepage<\/em>, Usine Utopik, Centre de Cr\u00e9ation Contemporaine, Relais Culturel R\u00e9gional, Manche, TESSY-SUR-VIRE.<br>&#8211; <em>Bords de Vire<\/em>, Festival des Bords de Vire, 2\u00e8me \u00e9dition, Parcours Art et Environnement, Usine Utopik, Centre de Cr\u00e9ation<br>\u00a0\u00a0 Contemporaine, Relais Culturel R\u00e9gional, Manche, TESSY-SUR-VIRE.<br><strong><span style=\"color: #313131;\" class=\"ugb-highlight\">2013<\/span><\/strong><br>&#8211; <em>Rencontre(s)<\/em>, EDEFS 35 : \u00c9tablissement m\u00e9dico-social (IME et ITEP), site d&rsquo;Hallouvry, Ille-et-Vilaine, CHANTEPIE.<br>&#8211; <em>Festival Oodaaq<\/em>, 3\u00e8me \u00e9dition, Ille-et-Vilaine, RENNES.<br>&#8211; <em>Jardins sensibles &#8211; Jardins secrets<\/em>, Domaine D\u00e9partemental de La Roche Jagu, C\u00f4tes-d&rsquo;Armor, PLOEZAL.<br><strong><span style=\"color: #313131;\" class=\"ugb-highlight\">2011<\/span><\/strong><br>&#8211; <em>Art Rocket<\/em>, Atelier Flexible invite artistes Danois, Allemand, Fran\u00e7ais, quartier du Petit Maroc, Loire-Atlantique, SAINT-NAZAIRE.<\/p>\n\n\n\n<p class=\"has-text-align-left has-background\" style=\"background-color:#000000;font-size:30px\"><span style=\"color: #ffffff;\" class=\"ugb-highlight\">EXPOSITIONS PERSONNELLES<\/span><\/p>\n\n\n\n<p><br><strong><span style=\"color: #313131;\" class=\"ugb-highlight\">20<\/span><span style=\"color: #000000;\" class=\"stk-highlight\">23<\/span><\/strong><br><em>&#8211; Derrie\u0300re les Barreaux, Entre les Roseaux,<\/em> Maison de la Baie d\u2019Audierne, Com com du pays Bigouden Sud, Finiste\u0300re, TREGUENNEC.&nbsp;<br><em>&#8211; Colonies,<\/em> Muse\u0301e des Ame\u0301riques, Gers, AUCH.<br><em>&#8211; Assaut,<\/em> Abbaye de Bon Repos, Co\u0302tes-d\u2019Armor, BON REPOS SUR BLAVET.<br><em>&#8211; Entre,<\/em> Muse\u0301e d\u2019Art Nai\u0308f et d\u2019Arts Singuliers (MANAS), Mayenne, LAVAL.<br><em>&#8211; Simon Augade, Entre le Centre et les Bords,<\/em> Muse\u0301e d\u2019Art Nai\u0308f et d\u2019Arts Singuliers (MANAS), Mayenne, LAVAL.<br><strong><span style=\"color: #313131;\" class=\"ugb-highlight\">20<\/span><span style=\"color:#000000\" class=\"color\">2<\/span><span style=\"color: #000000;\" class=\"stk-highlight\">2<\/span><\/strong><br><em>&#8211; A Travers les grilles, Passer les murs, <\/em>Centre des Arts Andre\u0301 Malraux, Finiste\u0300re, DOUARNENEZ<br>&#8211; <em>Pousse\u0301es<\/em> <em>d&rsquo;Ailleurs<\/em>, Ho\u0302tel 4 e\u0301toiles d\u2019Aillon et d\u2019Ailleurs, Savoie, AILLON-LE-JEUNE.<br>&#8211; <em>Fondement(s)<\/em>, Muse\u0301e Arcabas en Chartreuse, proprie\u0301te\u0301 du de\u0301partement de l\u2019Ise\u0300re, SAINT-PIERRE DE CHARTREUSE.<br><em>&#8211; L&rsquo;\u00e9loge des loges<\/em>, CAUE 56, DRAC, R\u00e9gion Bretagne, Lyc\u00e9e horticole, Morbihan, SAINT-JEAN BREVELAY<br><strong><span style=\"color:#000000\" class=\"color\">2021<\/span><\/strong><br><em>&#8211; \u00c9corc\u00e9e<\/em>, Mus\u00e9e Dauphinois, propri\u00e9t\u00e9 du d\u00e9partement de l&rsquo;Is\u00e8re, GRENOBLE.<br>&#8211; <em>Issue<\/em>, 1% artistique, commande publique In-Situ, \u00c9tables-sur-Mer, C\u00f4tes d&rsquo;Armor, BINIC-ETABLES-SUR-MER.<br>&#8211; <em>L&rsquo;Outre Douve<\/em>, Ch\u00e2teau-Mus\u00e9e de Saint-Germain de Livet, P\u00f4le Mus\u00e9al, Lisieux Agglom\u00e9ration, Normandie, SAINT-GERMAIN-DE-LIVET.<br><strong><span style=\"color: #313131;\" class=\"ugb-highlight\"><span style=\"color:#000000\" class=\"color\">2020<\/span><\/span><\/strong><br>&#8211; <em>La Piste &amp; Montagne<\/em>, Playground, commande publique, Site de la Montagne, Morbihan, PONT-SCORFF.<strong><br><\/strong><em>&#8211; R\u00e9cif, La Roche du Corbeau<\/em>, commande publique, Place de la Maison des Princes, Morbihan, PONT-SCORFF.<br>&#8211; <em>Ils s&rsquo;invitent chez nous<\/em>, lyc\u00e9e horticole de Saint-Jean Brevelay, Morbihan, SAINT-JEAN BREVELAY.<strong><br><span style=\"color: #313131;\" class=\"ugb-highlight\">2019<\/span><\/strong><br><em>&#8211; Nuit Blanche Mayenne<\/em>, Coll\u00e8ge Victor Hugo, Lassay-les-Ch\u00e2teaux, Centre d&rsquo;art Contemporain &#8211; Le Kiosque, MAYENNE.<br>&#8211; <em>Festival International de Jardins Hortillonnages Amiens<\/em>, 10\u00e8me \u00e9dition, Art et Jardins Hauts-de-France, Somme, AMIENS.<br><em>&#8211; Intrant, sculpture in situ<\/em>, Mus\u00e9e des Beaux-Arts La Cohue, Morbihan, VANNES.<br><strong><span style=\"color: #313131;\" class=\"ugb-highlight\">2018<\/span><\/strong><br><em>&#8211; Fl\u00e2neries en art modeste<\/em>, Espace Palante, C\u00f4tes-d&rsquo;Armor, HILLION.<br><em>&#8211; H\u00e9risse<\/em>, Lyc\u00e9e des m\u00e9tiers Marie Le Franc, Morbihan, LORIENT.<br>&#8211; <em>Entre les murs<\/em>, Galerie Les Bigotes, Morbihan, VANNES.<br><strong><span style=\"color: #313131;\" class=\"ugb-highlight\">2017<\/span><\/strong><br><em>&#8211; Chemin Empirique<\/em>, Maison de l&rsquo;Architecture et des Espaces en Bretagne (MAeB), Ille-et-Vilaine, RENNES.<br><em>&#8211; Festival Dansons Maintenant #2<\/em>, Galerie l&rsquo;Eph\u00e9m\u00e8re, compagnie Les passeurs d&rsquo;Oz, Morbihan, PORT-LOUIS.<br><em>&#8211; Le Bois dans tous ses \u00e9tats<\/em>, H\u00f4tel de ville, association Le Transfo C2 l&rsquo;art, Hautes-Pyr\u00e9n\u00e9es, ARREAU.<br>&#8211; <em>Palis ou le cheminement des pierres<\/em>, Ecole primaire publique S. Pradeau, Domaine de Kergu\u00e9hennec, Morbihan, ROCHEFORT-EN-TERRE.<br><strong><span style=\"color: #313131;\" class=\"ugb-highlight\">2016<\/span><\/strong><br><em>&#8211; Prix Architecture Bretagne 2016<\/em>, Installation de l&rsquo;oeuvre <em>Eclipse<\/em> pour la c\u00e9r\u00e9monie de la remise du prix de l&rsquo;architecture en Bretagne<br>&nbsp;&nbsp; 2016, Maison de l&rsquo;Architecture et des Espaces en Bretagne (MAeB), parvis de la cit\u00e9 de la voile \u00c9ric Tabarly, Morbihan, LORIENT.<br>&#8211; <em>Travers<\/em>, Coll\u00e8ge Mathurin Martin, <em>L&rsquo;art dans les chapelles<\/em>, Morbihan, BAUD.<br><strong><span style=\"color: #313131;\" class=\"ugb-highlight\">2015<\/span><\/strong><br>&#8211; <em>Sentier Battu<\/em>, La Cri\u00e9e Centre d&rsquo;Art Contemporain, Groupe Antoine de Saint-Exup\u00e9ry, site Giorgio Frassati, Ille-et-Vilaine, RENNES.<br>&#8211; <em>Trop Tard<\/em>, Galerie virtuelle, Le Petit Lieu de l&rsquo;Art Contemporain, Var, TOULON.<br><strong><span style=\"color: #313131;\" class=\"ugb-highlight\">2014<\/span><br><\/strong>&#8211; <em>#31&nbsp; S. Augade<\/em>, Usine Utopik, Centre de Cr\u00e9ation Contemporaine, Relais Culturel R\u00e9gional, Manche, TESSY-SUR-VIRE.<br><em>&#8211; Rencontre(s)<\/em>, EDEFS 35 : \u00c9tablissement m\u00e9dico-social public (IME et ITEP), site d&rsquo;Hallouvry, Ille-et-Vilaine, CHANTEPIE.<\/p>\n\n\n\n<p class=\"has-text-align-left has-background\" style=\"background-color:#000000;font-size:30px\"><span style=\"color: #ffffff;\" class=\"ugb-highlight\">EXPOSITIONS COLLECTIVES<\/span><\/p>\n\n\n\n<p><strong><span style=\"color:#000000\" class=\"color\">2021<\/span><\/strong><br>&#8211; <em>B\u00e2tir Habiter \u00c9difier<\/em>, La Galerie, \u00c9tables-sur-Mer, C\u00f4tes d&rsquo;Armor, BINIC-ETABLES-SUR-MER.<br>&#8211; <em>\u00c9tangs d&rsquo;Art<\/em>, 13\u00e8me \u00e9dition, Liffr\u00e9\/Cormier communaut\u00e9, \u00e9tang de Chevr\u00e9, Ille-et-Vilaine, LA BOU\u00cbXIERE.<br><em>&#8211; Art &amp; Nature<\/em>, La Bambouseraie en C\u00e9vennes, Gard, GENERARGUES.<br><strong><span style=\"color:#000000\" class=\"color\"><span style=\"color: #313131;\" class=\"ugb-highlight\">20<\/span>20<\/span><\/strong><br><em>&#8211; Jardin des Arts, <\/em>18\u00e8me \u00e9dition, Les Entrepreneurs M\u00e9c\u00e8nes, Parc d&rsquo;Ar Milin&rsquo;, Ille-et-Vilaine, CHATEAUBOURG.<br><strong><span style=\"color: #313131;\" class=\"ugb-highlight\">2019<\/span><\/strong><br><em>&#8211; Nuit Blanche Mayenne<\/em>, Coll\u00e8ge Victor Hugo, Lassay-les-Ch\u00e2teaux, Centre d&rsquo;art Contemporain &#8211; Le Kiosque, MAYENNE.<br>&#8211; <em>K-Z\u00e9ro<\/em>, Cr\u00e9ation collective (avec Nicolas DESVERRONNIERES et Sylvain LE CORRE), Port \u00e0 sec &#8211; Keroman 1 &#8211; La Base, Morbihan, LORIENT.<br>&#8211; <em>10 ans d&rsquo;Utopie<\/em>, Usine Utopik, Abbaye-aux-Dames, Calvados, CAEN.<br>&#8211; <em>Festival International de Jardins Hortillonnages Amiens<\/em>, 10\u00e8me \u00e9dition, Art et Jardins Hauts-de-France, Somme, AMIENS.<br><strong><span style=\"color: #313131;\" class=\"ugb-highlight\">2018<\/span><\/strong><br><em>&#8211; FOREsT<\/em>, \u00c9glise St-Pierre, Haute-Marne, SOMMEVOIRE.<br>&#8211; <em>Arts \u00e0 la Pointe<\/em>, Parcours d&rsquo;art contemporain, CAP-SIZUN, PAYS DE DOUARNENEZ, HAUT PAYS BIGOUDEN.<br>&#8211; <em>Dorsale<\/em>, Cr\u00e9ation collective&nbsp;(avec Nicolas DESVERRONNIERES et Sylvain LE CORRE), Dom-Bunker, Port de Keroman, Morbihan, LORIENT.<br>&#8211; <em>Arbres, regard d&rsquo;artistes<\/em>, Abbaye de l&rsquo;Escaladieu, propri\u00e9t\u00e9 d\u00e9partementale, Hautes-Pyr\u00e9n\u00e9es, BONNEMAZON.<br>&#8211; <em>Micro-morphose<\/em>, Cr\u00e9ation collective, Ecole de Keroman, association Multi-Prises, Domaine de Kergu\u00e9hennec, Morbihan, LORIENT.<br><strong><span style=\"color: #313131;\" class=\"ugb-highlight\">2017<\/span><\/strong><br><em>&#8211; KARST, La dimension cass\u00e9e<\/em>, Exposition immersive, galerie du Faou\u00ebdic, association Multi-Prises, Morbihan, LORIENT.<br>&#8211; <em>Lieux Mouvants #4<\/em>, association Dialogues avec la nature, CENTRE BRETAGNE.<br>&#8211; <em>Atlas<\/em>, Galerie d&rsquo;art \u00e0 vocation p\u00e9dagogique du coll\u00e8ge Edouard Herriot, association Multi-Prises, C\u00f4tes-d&rsquo;Armor, ROSTRENEN.<br>&#8211; <em>Super Poser<\/em>, Cr\u00e9ation collective, Ecole maternelle de Lanveur, association Multi-Prises, Morbihan, LORIENT.<br><strong><span style=\"color: #313131;\" class=\"ugb-highlight\">2016<\/span><\/strong><br><em>&#8211; Champ d&rsquo;Expression #4<\/em>, Parcours d&rsquo;art comtemporain \u00e0 la ferme, association Multi-Prises, La Fourmi-e, CENTRE BRETAGNE.<br>&#8211; <em>Architecture(s) curated by Aldric Beckmann<\/em>, Exposition\/vente aux ench\u00e8res, PIASA, PARIS 8\u00e8me.<br>&#8211; <em>Paysages contemporains<\/em>,&nbsp; collection du FRAC Bretagne, Domaine de Kerguehennec, Morbihan, BIGNAN.&nbsp;<br>&#8211; <em>Les Naufrag\u00e9s de l&rsquo;\u00c9paule<\/em>, Lyc\u00e9e Victor Hugo, association Multi-Prises, Artoth\u00e8que &#8211; Galerie Pierre Tal-Coat, Morbihan, HENNEBONT.<br><strong><span style=\"color: #313131;\" class=\"ugb-highlight\">2015<\/span><\/strong><br><em>&#8211; Hospitalit\u00e9s<\/em>, Site abbatial St-Maurice, Universit\u00e9 Paris 1 Panth\u00e9on-Sorbonne, association Multi-Prises, Finist\u00e8re, CLOHARS-CARNOET.<br>&#8211; <em>Premi\u00e8res lignes<\/em>, H\u00f4tel des Arts, Le PLAC (Le Petit Lieu de l&rsquo;Art Contemporain), Var, TOULON.<br>&#8211; <em>Archipel<\/em>, association Multi-Prises, Universit\u00e9 de Bretagne-Sud, site de LORIENT.<br><strong><span style=\"color: #313131;\" class=\"ugb-highlight\">2014<\/span><\/strong><br>&#8211; <em>La Soci\u00e9t\u00e9 des Lumi\u00e8res<\/em>, Biennale de la lumi\u00e8re, association Multi-Prises, Atelier d&rsquo;Estienne, Morbihan, PONT-SCORFF.<br>&#8211; <em>Ext\u00e9rieur \/ Int\u00e9rieur<\/em>, Usine Utopik, Centre de Cr\u00e9ation Contemporaine, Relais Culturel R\u00e9gional, Manche, TESSY-SUR-VIRE.<br>&#8211; <em>L&rsquo;\u00c2ge de Faire<\/em>, association Multi-Prises, L&rsquo;\u00c9curie, Morbihan, SAINT-JEAN-BREVELAY.<br><strong><span style=\"color: #313131;\" class=\"ugb-highlight\">2013<\/span><\/strong><br>&#8211; <em>Festival Oodaaq<\/em>, 3\u00e8me \u00e9dition, Ille-et-Vilaine, RENNES.<br>&#8211; <em>La Din\u00e9e<\/em> (\u00e9v\u00e8nement pour micro financement), La Collective, Ille-et-Vilaine, RENNES.<br>&#8211; <em>Jardins sensibles, jardins secrets<\/em>, Domaine D\u00e9partemental de La Roche Jagu, C\u00f4tes-d&rsquo;Armor, PLOEZAL.<br><strong><span style=\"color: #313131;\" class=\"ugb-highlight\">2012<\/span><\/strong><br>&#8211; Invit\u00e9 &#8211; projet de fin d&rsquo;\u00e9tude d&rsquo;architecture et design d&rsquo;int\u00e9rieur de Thomas ROUXEVILLE, Ecole Bleue Global Design, PARIS 11\u00e8me.<br>&#8211; <em>L&rsquo;Art Chemin Faisant<\/em>, 14\u00e8me \u00e9dition, parcours d&rsquo;art contemporain, Atelier d&rsquo;Estienne, Morbihan, PONT-SCORFF.<br><strong><span style=\"color: #313131;\" class=\"ugb-highlight\">2011<\/span><\/strong><br>&#8211; <em>Pierres vivantes \/ Correspondances<\/em>, &nbsp;Poste d\u00e9saffect\u00e9e, Morbihan, PLOEMEUR.<br>&#8211; <em>Multi-Prises<\/em>, &nbsp;EESAB, Morbihan, LORIENT.<br>&#8211; <em>Paysages et m\u00e9galithes<\/em>, Centre des Monuments Nationaux, Morbihan, LOCMARIAQUER.<br><strong><span style=\"color: #313131;\" class=\"ugb-highlight\">2010<\/span><\/strong><br>&#8211; <em>16 t\u00eates \/ 32 pieds<\/em>, Fort du Gripp, Morbihan, ILE DE GROIX.<br>&#8211; <em>Laissez-vous compter Lorient<\/em>, Journ\u00e9es du Patrimoine, R\u00e9servoir \u00e0 Eau, Morbihan, LORIENT.<br>&#8211; <em>Itin\u00e9raires graphiques #1<\/em>, Avec Fr\u00e9d\u00e9ric Magazine, Galerie du Faou\u00ebdic, Morbihan, LORIENT.<br><strong><span style=\"color: #313131;\" class=\"ugb-highlight\">2009<\/span><\/strong><br>&#8211; <em>Moby Dick<\/em>, &nbsp;Spectacle, Espace Cosmao Dumanoir, Morbihan, LORIENT.<br>&#8211; <em>1er mille<\/em>, Cr\u00e9ation de couverture, \u00c9dition Arl\u00e9a, M\u00e9diath\u00e8que Diderot, Morbihan, INZINZAC-LOCHRIST.<br><strong><span style=\"color: #313131;\" class=\"ugb-highlight\">2008<\/span><\/strong><br>&#8211; <em>D\u00e9g\u00e2ts des eaux<\/em>, H\u00f4tel Gabriel, Morbihan, LORIENT.<br>&#8211; <em>Trois si\u00e8cles d&rsquo;estampes<\/em>, &nbsp;Impressions de Lorient, Galerie du Faou\u00ebdic, Morbihan, LORIENT.<\/p>\n\n\n\n<p class=\"has-text-align-left has-background\" style=\"background-color:#000000;font-size:30px\"><span style=\"color: #ffffff;\" class=\"ugb-highlight\">ACQUISITIONS \/ COLLECTIONS<\/span><\/p>\n\n\n\n<p><strong><span style=\"color:#000000\" class=\"color\">2020<\/span><\/strong><br>&#8211; Dessins<em> Intrant<\/em> (1) et (2), <em>Sortie de carnet<\/em>, ainsi que les recherches et esquisses pour la construction de <em>Intrant<\/em>, Mus\u00e9e des Beaux Arts-La Cohue, Morbihan, VANNES.<br><strong><span style=\"color: #313131;\" class=\"ugb-highlight\">2018<\/span><\/strong><br><em>&#8211; <\/em>Dessin <em>Sentier Battu (1), Sortie de carnet<\/em>, Maison de l&rsquo;Architecture et des Espaces en Bretagne (MAeB), Ille-et-Vilaine, RENNES.<br><strong><span style=\"color: #313131;\" class=\"ugb-highlight\">2016<\/span><\/strong><br>&#8211; Linogravure <em>Trop Tard<\/em>, Artoth\u00e8que, Galerie Pierre Tal-Coat, Morbihan, HENNEBONT.<br><strong><span style=\"color: #313131;\" class=\"ugb-highlight\">2014<\/span><\/strong><br>&#8211; Linogravures <em>La Chauffeuse \/ La Vague d&rsquo;Hoclousa\u00ef \/ Trop Tard, <\/em>Artoth\u00e8que de l&rsquo;Usine Utopik, Centre de Cr\u00e9ation Contemporaine,<br>&nbsp;&nbsp; Relais Culturel R\u00e9gional, Manche, TESSY-SUR-VIRE<\/p>\n\n\n\n<p class=\"has-text-align-left has-background\" style=\"background-color:#000000;font-size:30px\"><span style=\"color: #ffffff;\" class=\"ugb-highlight\">PUBLICATIONS : CATALOGUES \/ \u00c9DITIONS \/ PRESSE<\/span><\/p>\n\n\n\n<p><strong><span style=\"color:#000000\" class=\"color\">2021<\/span><\/strong><br>&#8211; ETANG D&rsquo;ART 2021 &#8211; 13e \u00c9DITION, ouvrage 54 pages.<br>&#8211; <em>Carnet d&rsquo;artistes, Simon AUGADE &#8211; Marie-H\u00e9l\u00e8ne Richard &#8211; \u00e9dition 2021<\/em>, Bambouseraie en C\u00e9vennes, ouvrage 20 pages, \u00c9dition de la Bambouseraie 2021.<br><strong><span style=\"color:#000000\" class=\"color\">2020<\/span><\/strong><br>JARDIN DES ARTS 2020, Les Entrepreneurs M\u00e9c\u00e8nes, Ouvrage 20 pages imprim\u00e9 par Pygmalion &#8211; Rennes.<br><strong><span style=\"color: #313131;\" class=\"ugb-highlight\">2019<\/span><br><\/strong>&#8211; LA CROIX (journal N\u00b091467) &#8211; <em>Dans les Hortillonnages d&rsquo;Amiens, un mariage r\u00e9ussi entre art et nature<\/em> &#8211; Paula BOYER, publi\u00e9 le 12\/09\/19.<br>&#8211; LE FIGARO (journal N\u00b023294) &#8211; <em>A Amiens, embarquement pour s&rsquo;y plaire<\/em> &#8211; Ariane BAVELIER, publi\u00e9 le 06\/07\/19.<br>&#8211; PARISART &#8211; <em>Intrant &#8211;<\/em> publi\u00e9 le 16\/04\/19.<br><em>&#8211; Simon Augade, Intrant, Sculpture in situ<\/em>, Livret d&rsquo;exposition, Passage central, Mus\u00e9e des Beaux-Arts, La Cohue Vannes. Ouvrage 48<br>&nbsp;&nbsp;&nbsp; pages. ISBN : 978-2-901441-36-6. D\u00e9p\u00f4t l\u00e9gal : avril 2019<br><strong><span style=\"color: #313131;\" class=\"ugb-highlight\">2018<\/span><\/strong><br><em>&#8211; Arts \u00e0 la Pointe<\/em>, Ouvrage 44 pages. ISBN : 979-10-93944-03-6. D\u00e9p\u00f4t l\u00e9gal : juillet 2018.<br>&#8211; <em>Arbres, regard d&rsquo;artistes<\/em>, Ouvrage 48 pages, D\u00e9partement des Hautes-Pyr\u00e9n\u00e9es. ISBN : 979-10-90763-00-5. D\u00e9p\u00f4t l\u00e9gal : juin 2018.<br><strong><span style=\"color: #313131;\" class=\"ugb-highlight\">2016<\/span><\/strong><br>&#8211; LE FIGARO &#8211; <em>Quand le \u00ab\u00a0petit Versailles breton\u00a0\u00bb dialogue avec le paysage &#8211; <\/em>article de Margot GUICHETEAU, publi\u00e9 le 17\/06\/16.<br>&#8211; <em>Simon Augade &#8211; Soul\u00e8vement<\/em>, Ouvrage 65 pages, \u00e9dition Domaine de Kergu\u00e9hennec. ISBN : 979-10-91494-20-5. D\u00e9p\u00f4t l\u00e9gal : d\u00e9c 2016.<br><em>&#8211; PIASA, Architecture(s) curated by Aldric Beckmann<\/em>, Ouvrage 265 pages. Catalogue d&rsquo;exposition et de vente aux ench\u00e8res, PIASA, 118<br>&nbsp;&nbsp;&nbsp; rue Faubourg Saint-Honor\u00e9 &#8211; 75008 Paris, 2016. Impression : Telliez Communication.<br><strong><span style=\"color: #313131;\" class=\"ugb-highlight\">2015<\/span><\/strong><br><em>&#8211; Caillou n\u00b03 &#8211; Parties de campagne\/Correspondances<\/em>, Ouvrage 16 pages. La Cri\u00e9e Centre d&rsquo;Art Contemporain, Rennes, Saison <em>Battre<br>&nbsp;&nbsp;&nbsp; la campagne<\/em>. ISBN : 978-2-906890-18-3. D\u00e9p\u00f4t l\u00e9gal : 2015.<br>&#8211; <em>Hospitalit\u00e9s<\/em>, Ouvrage 82 pages. Collection Cr\u00e9ations et Patrimoines (n\u00b04), \u00c9dition ACTE, UMR-CNRS, Universit\u00e9 Paris 1 Panth\u00e9on-<br>&nbsp;&nbsp;&nbsp; Sorbonne, ISBN : 978-2-9547481-3-9. D\u00e9p\u00f4t l\u00e9gal : juin 2015.<br>&#8211; <em>Le Grand Livre du Wood, Quelques raisons d&rsquo;avoir confiance<\/em>, Ouvrage 126 pages.&nbsp; Ultra \u00e9ditions<a href=\"http:\/\/www.editions-ultra.org\/Ed-Livres-d-artistes\">.<\/a> ISBN 978-2-9548859-1-9. D\u00e9p\u00f4t l\u00e9gal :<br>&nbsp;&nbsp;&nbsp; juin 2015.<br><strong><span style=\"color: #313131;\" class=\"ugb-highlight\">2014<\/span><\/strong><br><em>&#8211; SIMON AUGADE R\u00e9sidence#31 Usine Utopik<\/em>, Ouvrage 16 pages. \u00c9ditions Usine Utopik, Relais Culturel R\u00e9gional, Centre de Cr\u00e9ation<br>&nbsp;&nbsp;&nbsp; Contemporaine, parution octobre 2014.<br>&#8211; <em>Festival des Bords de Vire, Parcours art environement, 2nde \u00e9dition, La Revue.<\/em>, Ouvrage 56 pages. Usine Utopik, parution juillet 2014.<br><strong><span style=\"color: #313131;\" class=\"ugb-highlight\">2013<\/span><\/strong><br><em>&#8211; Jardins Sensibles, Jardins Secrets<\/em>, Ouvrage 56 pages. Domaine d\u00e9partemental de La Roche Jagu, parution juin 2013.<\/p>\n\n\n\n<p class=\"has-text-align-left has-background\" style=\"background-color:#000000;font-size:30px\"><span style=\"color: #ffffff;\" class=\"ugb-highlight\">CONF\u00c9RENCES \/ WORKSHOPS<\/span><\/p>\n\n\n\n<p><strong><span style=\"color:#000000\" class=\"color\">2020<\/span><\/strong><br>&#8211; <em>Ils s&rsquo;invitent chez nous<\/em>, lyc\u00e9e horticole de Saint-Jean Brevelay, Morbihan, SAINT-JEAN BREVELAY, invit\u00e9 par Bernard MOLINS.<br><strong><span style=\"color: #313131;\" class=\"ugb-highlight\">2019<\/span><br><\/strong>&#8211; Workshop <em>Opposer\/Conjuguer<\/em> \u00e0 l&rsquo;EESAB site de LORIENT, invit\u00e9 par Georges PEIGNARD.<br><strong><span style=\"color: #313131;\" class=\"ugb-highlight\">2017<\/span><\/strong><br><em>&#8211; Formation pratiques professionnelles<\/em>, DDAB et Chrysalide, EESAB site de LORIENT.<br>&#8211; <em>Festival Dansons Maintenant #2<\/em>, Galerie l&rsquo;Eph\u00e9m\u00e8re, compagnie Les passeurs d&rsquo;Oz, Morbihan, PORT-LOUIS.<\/p>\n\n\n\n<p class=\"has-text-align-left has-background\" style=\"background-color:#000000;font-size:30px\"><span style=\"color: #ffffff;\" class=\"ugb-highlight\">CURSUS<\/span><\/p>\n\n\n\n<p><strong><span style=\"color: #313131;\" class=\"ugb-highlight\">2011<\/span><\/strong><br><em>&#8211; DNSEP<\/em>, Option Art, avec mention,&nbsp; EESAB, site de LOREINT.<br>&#8211; Workshop avec Laurent TIXADOR, bivouac et cr\u00e9ation de nouveaux territoires in situ.<br><strong><span style=\"color: #313131;\" class=\"ugb-highlight\">2010<\/span><\/strong><br>&#8211; Assistant d&rsquo;artistes (Vincent MAUGER &#8211; Yann ESNAULT),<em> L&rsquo;art dans les chapelles<\/em>, Vall\u00e9e du Blavet et pays de Pontivy.<br>&#8211; Workshop avec Beno\u00eet BRADEL, recherches sc\u00e9nographiques et th\u00e9\u00e2trales.<br><strong><span style=\"color: #313131;\" class=\"ugb-highlight\">2009<\/span><\/strong><br><em>&#8211; Bourse Ulysse<\/em>, Conservatoire des Arts et M\u00e9tiers Multim\u00e9dia Balla Fass\u00e9k\u00e9 Kouyat\u00e9, BAMAKO, MALI, (3 mois).<br>&#8211; <em>DNAP<\/em>, Option&nbsp; Art avec mention, EESAB, site de LORIENT.<\/p>\n\n\n\n<div class=\"wp-block-ugb-columns ugb-columns ugb-8008063 ugb-columns--design-plain ugb-columns--columns-2 ugb-main-block\"><div class=\"ugb-inner-block\"><div class=\"ugb-block-content\"><div class=\"ugb-columns__item ugb-8008063-content-wrapper\">\n<div class=\"wp-block-ugb-column ugb-column ugb-1971813 ugb-column--design-plain ugb-main-block\"><div class=\"ugb-inner-block\"><div class=\"ugb-block-content\"><div class=\"ugb-column__item ugb-1971813-column-wrapper\"><div class=\"ugb-column__content-wrapper\"><\/div><\/div><\/div><\/div><\/div>\n\n\n\n<div class=\"wp-block-ugb-column ugb-column ugb-e4889e8 ugb-column--design-plain ugb-main-block\"><div class=\"ugb-inner-block\"><div class=\"ugb-block-content\"><div class=\"ugb-column__item ugb-e4889e8-column-wrapper\"><div class=\"ugb-column__content-wrapper\">\n<p><\/p>\n<\/div><\/div><\/div><\/div><\/div>\n<\/div><\/div><\/div><\/div>\n<style class=\"advgb-styles-renderer\">.ugb-093ab68 .ugb-button1 .ugb-button--inner{color:#313131 !important}.ugb-093ab68 .ugb-button1{border-color:#313131 !important;border-radius:100px !important}.ugb-093ab68 .ugb-button1:hover{background-color:#313131 !important;opacity:1}.ugb-093ab68 .ugb-button1:hover .ugb-button--inner{color:#ffffff !important}.ugb-093ab68 .ugb-button1:before{content:\"\";background-image:linear-gradient(90deg,#313131,#313131);border-radius:100px !important}@media screen and (max-width:768px){.ugb-093ab68 .ugb-block-content{flex-direction:column}}#advgb-cols-39f219e1-1ec8-4d1b-86a3-f0d86413b9a5{}@media screen and (max-width: 1023px) {#advgb-cols-39f219e1-1ec8-4d1b-86a3-f0d86413b9a5{}}@media screen and (max-width: 767px) {#advgb-cols-39f219e1-1ec8-4d1b-86a3-f0d86413b9a5{}}#advgb-col-f72d02aa-d9c8-41c1-992e-859bc02fe5c0>.advgb-column-inner{}@media screen and (max-width: 1023px) {#advgb-col-f72d02aa-d9c8-41c1-992e-859bc02fe5c0>.advgb-column-inner{}}@media screen and (max-width: 767px) {#advgb-col-f72d02aa-d9c8-41c1-992e-859bc02fe5c0>.advgb-column-inner{}}#advgb-col-f33e67be-a674-470b-8c0d-d313d7665208>.advgb-column-inner{}@media screen and (max-width: 1023px) {#advgb-col-f33e67be-a674-470b-8c0d-d313d7665208>.advgb-column-inner{}}@media screen and (max-width: 767px) {#advgb-col-f33e67be-a674-470b-8c0d-d313d7665208>.advgb-column-inner{}}#advgb-col-a6341b49-5d8d-49f7-883e-e56a48d871f8>.advgb-column-inner{}@media screen and (max-width: 1023px) {#advgb-col-a6341b49-5d8d-49f7-883e-e56a48d871f8>.advgb-column-inner{}}@media screen and (max-width: 767px) {#advgb-col-a6341b49-5d8d-49f7-883e-e56a48d871f8>.advgb-column-inner{}}.ugb-8008063 > .ugb-inner-block > .ugb-block-content > .ugb-columns__item{grid-template-columns:0.60fr 1.40fr !important}<\/style>","protected":false},"excerpt":{"rendered":"<p>Simon AUGADE N\u00e9 en 1987 dans les Hautes-Pyr\u00e9n\u00e9es (Bagn\u00e8res-de-Bigorre)Vit et travaille \u00e0 Lorient Simon AUGADE sort dipl\u00f4m\u00e9 en 2011 de L\u2019\u00c9cole Europ\u00e9enne Sup\u00e9rieure d\u2019Art de Bretagne \u2013 site de Lorient. Il s\u2019investit tout entier dans des corps-\u00e0-corps se confrontant \u00e0 la mati\u00e8re. L\u2019artiste questionne par des conceptions sculpturales notre relation physique \u00e0 nos environnements et interroge \u00ab la tenue des choses \u00bb. Dans ses sculptures-installations qui tentent sans cesse d\u2019agripper<\/p>\n<div class=\"read-more\"><a class=\"btn read-more-btn\" href=\"https:\/\/simonaugade.fr\/?page_id=428\">Lire la suite<\/a><\/div>\n","protected":false},"author":1,"featured_media":0,"parent":0,"menu_order":0,"comment_status":"closed","ping_status":"closed","template":"","meta":{"_uag_custom_page_level_css":"","advgb_blocks_editor_width":"","advgb_blocks_columns_visual_guide":"","pgc_sgb_lightbox_settings":"","_vp_format_video_url":"","_vp_image_focal_point":[],"footnotes":""},"class_list":["post-428","page","type-page","status-publish","hentry"],"featured_image_urls_v2":{"full":"","thumbnail":"","medium":"","medium_large":"","large":"","1536x1536":"","2048x2048":"","vp_sm":"","vp_md":"","vp_lg":"","vp_xl":"","vp_sm_popup":"","vp_md_popup":"","vp_xl_popup":""},"post_excerpt_stackable_v2":"<p>Simon AUGADE N\u00e9 en 1987 dans les Hautes-Pyr\u00e9n\u00e9es (Bagn\u00e8res-de-Bigorre)Vit et travaille \u00e0 Lorient Simon AUGADE sort dipl\u00f4m\u00e9 en 2011 de L\u2019\u00c9cole Europ\u00e9enne Sup\u00e9rieure d\u2019Art de Bretagne \u2013 site de Lorient. Il s\u2019investit tout entier dans des corps-\u00e0-corps se confrontant \u00e0 la mati\u00e8re. L\u2019artiste questionne par des conceptions sculpturales notre relation physique \u00e0 nos environnements et interroge \u00ab la tenue des choses \u00bb. Dans ses sculptures-installations qui tentent sans cesse d\u2019agripper l\u2019espace et le spectateur, il aborde les dualit\u00e9s de notre monde. C\u2019est aussi pour lui une fa\u00e7on de mettre en \u00e9vidence la pr\u00e9carit\u00e9, la fragilit\u00e9, l\u2019aspect bancal et \u00e9ph\u00e9m\u00e8re de\u2026<\/p>\n","category_list_v2":"","author_info_v2":{"name":"admin9868","url":"https:\/\/simonaugade.fr\/?author=1"},"comments_num_v2":"0 commentaire","uagb_featured_image_src":{"full":false,"thumbnail":false,"medium":false,"medium_large":false,"large":false,"1536x1536":false,"2048x2048":false,"vp_sm":false,"vp_md":false,"vp_lg":false,"vp_xl":false,"vp_sm_popup":false,"vp_md_popup":false,"vp_xl_popup":false},"uagb_author_info":{"display_name":"admin9868","author_link":"https:\/\/simonaugade.fr\/?author=1"},"uagb_comment_info":0,"uagb_excerpt":"Simon AUGADE N\u00e9 en 1987 dans les Hautes-Pyr\u00e9n\u00e9es (Bagn\u00e8res-de-Bigorre)Vit et travaille \u00e0 Lorient Simon AUGADE sort dipl\u00f4m\u00e9 en 2011 de L\u2019\u00c9cole Europ\u00e9enne Sup\u00e9rieure d\u2019Art de Bretagne \u2013 site de Lorient. Il s\u2019investit tout entier dans des corps-\u00e0-corps se confrontant \u00e0 la mati\u00e8re. L\u2019artiste questionne par des conceptions sculpturales notre relation physique \u00e0 nos environnements et\u2026","coauthors":[],"author_meta":{"author_link":"https:\/\/simonaugade.fr\/?author=1","display_name":"admin9868"},"relative_dates":{"created":"Publi\u00e9 8 ans il y a","modified":"Mis \u00e0 jour 1 an il y a"},"absolute_dates":{"created":"Publi\u00e9 le 18 juillet 2018","modified":"Mise \u00e0 jour le 4 avril 2025"},"absolute_dates_time":{"created":"Publi\u00e9 le 18 juillet 2018 11 h 30 min","modified":"Mise \u00e0 jour le 4 avril 2025 19 h 38 min"},"featured_img_caption":"","featured_img":false,"series_order":"","_links":{"self":[{"href":"https:\/\/simonaugade.fr\/index.php?rest_route=\/wp\/v2\/pages\/428","targetHints":{"allow":["GET"]}}],"collection":[{"href":"https:\/\/simonaugade.fr\/index.php?rest_route=\/wp\/v2\/pages"}],"about":[{"href":"https:\/\/simonaugade.fr\/index.php?rest_route=\/wp\/v2\/types\/page"}],"author":[{"embeddable":true,"href":"https:\/\/simonaugade.fr\/index.php?rest_route=\/wp\/v2\/users\/1"}],"replies":[{"embeddable":true,"href":"https:\/\/simonaugade.fr\/index.php?rest_route=%2Fwp%2Fv2%2Fcomments&post=428"}],"version-history":[{"count":383,"href":"https:\/\/simonaugade.fr\/index.php?rest_route=\/wp\/v2\/pages\/428\/revisions"}],"predecessor-version":[{"id":6396,"href":"https:\/\/simonaugade.fr\/index.php?rest_route=\/wp\/v2\/pages\/428\/revisions\/6396"}],"wp:attachment":[{"href":"https:\/\/simonaugade.fr\/index.php?rest_route=%2Fwp%2Fv2%2Fmedia&parent=428"}],"curies":[{"name":"wp","href":"https:\/\/api.w.org\/{rel}","templated":true}]}}