{"id":2213,"date":"2017-04-17T15:51:00","date_gmt":"2017-04-17T13:51:00","guid":{"rendered":"http:\/\/simonaugade.fr\/?page_id=2213"},"modified":"2020-05-07T12:19:53","modified_gmt":"2020-05-07T10:19:53","slug":"le-bois-dans-tous-ses-etats","status":"publish","type":"page","link":"https:\/\/simonaugade.fr\/?page_id=2213","title":{"rendered":"LE BOIS DANS TOUS &#8230;"},"content":{"rendered":"\n<div class=\"wp-block-getwid-image-box has-text-center has-mobile-layout-default has-mobile-alignment-default\"><div class=\"wp-block-getwid-image-box__image-container is-position-top\"><div class=\"wp-block-getwid-image-box__image-wrapper\"><img loading=\"lazy\" decoding=\"async\" width=\"1631\" height=\"1080\" src=\"http:\/\/simonaugade.fr\/wp-content\/uploads\/2020\/04\/3_IGP3953-WEB.jpg\" alt=\"\" class=\"wp-block-getwid-image-box__image wp-image-2216\" srcset=\"https:\/\/simonaugade.fr\/wp-content\/uploads\/2020\/04\/3_IGP3953-WEB.jpg 1631w, https:\/\/simonaugade.fr\/wp-content\/uploads\/2020\/04\/3_IGP3953-WEB-300x199.jpg 300w, https:\/\/simonaugade.fr\/wp-content\/uploads\/2020\/04\/3_IGP3953-WEB-1024x678.jpg 1024w, https:\/\/simonaugade.fr\/wp-content\/uploads\/2020\/04\/3_IGP3953-WEB-768x509.jpg 768w, https:\/\/simonaugade.fr\/wp-content\/uploads\/2020\/04\/3_IGP3953-WEB-500x331.jpg 500w, https:\/\/simonaugade.fr\/wp-content\/uploads\/2020\/04\/3_IGP3953-WEB-800x530.jpg 800w, https:\/\/simonaugade.fr\/wp-content\/uploads\/2020\/04\/3_IGP3953-WEB-1280x848.jpg 1280w, https:\/\/simonaugade.fr\/wp-content\/uploads\/2020\/04\/3_IGP3953-WEB-1536x1017.jpg 1536w\" sizes=\"auto, (max-width: 1631px) 100vw, 1631px\" \/><\/div><\/div><div class=\"wp-block-getwid-image-box__content\">\n<p>Restitution des travaux des \u00e9l\u00e8ves de 4\u00e8me, Coll\u00e8ge Mar\u00e9chal Foch &#8211; ARREAU, 2017.<br><br><\/p>\n\n\n\n<p><\/p>\n<\/div><\/div>\n\n\n\n<div class=\"wp-block-uagb-advanced-heading uagb-block-072718b7-f203-4137-99b9-56223134a7a6\"><h1 class=\"uagb-heading-text\">LE BOIS DANS TOUS SES ETATS<\/h1><div class=\"uagb-separator-wrap\"><div class=\"uagb-separator\"><\/div><\/div><p class=\"uagb-desc-text\"><\/p><\/div>\n\n\n\n<hr class=\"wp-block-separator is-style-default\"\/>\n\n\n\n<div class=\"wp-block-group\"><div class=\"wp-block-group__inner-container is-layout-flow wp-block-group-is-layout-flow\">\n<p>Ateliers men\u00e9s durant <a href=\"http:\/\/simonaugade.fr\/?portfolio=sans-titre-arreau\"><strong><span style=\"color: #0693e3;\" class=\"ugb-highlight\">la r\u00e9sidence artistique au coll\u00e8ge Mar\u00e9chal Foch<\/span><\/strong><\/a> \u00e0 Arreau, r\u00e9alis\u00e9e dans le cadre du projet <em>Le Bois dans tous ses \u00e9tats<\/em>, impuls\u00e9 par l\u2019association le Transfo C2 l\u2019art.<br><br>Proposition de deux principes. L\u2019un mettant en relation un cube noir et des baguettes de bois blanc, souples ou rigides. L\u2019autre jouant de l\u2019assemblage de multiples plaques de bois rectangulaires multicolores sur un parall\u00e9l\u00e9pip\u00e8de blanc. L\u2019objet de l\u2019atelier consistait \u00e0 confronter ces \u00e9l\u00e9ments les uns face aux autres. Aussi, les notions de dualit\u00e9, d\u2019interd\u00e9pendance, de b\u00e9quille, de parasite, de portage, de tenue, de maintien, d\u2019\u00e9quilibre, de protub\u00e9rance\u2026 \u00e9taient abord\u00e9s par la pratique sculpturale.<\/p>\n\n\n\n<p><\/p>\n\n\n\n<div class=\"wp-block-columns is-layout-flex wp-container-core-columns-is-layout-1 wp-block-columns-is-layout-flex\">\n<div class=\"wp-block-column is-layout-flow wp-block-column-is-layout-flow\" style=\"flex-basis:25%\"><\/div>\n\n\n\n<div class=\"wp-block-column is-layout-flow wp-block-column-is-layout-flow\" style=\"flex-basis:50%\">\n<div style=\"height:20px\" aria-hidden=\"true\" class=\"wp-block-spacer\"><\/div>\n\n\n\n<div class=\"wp-block-advgb-images-slider advgb-images-slider-block advgb-images-slider-lightbox\"><div class=\"advgb-images-slider\"><div class=\"advgb-image-slider-item\"><img decoding=\"async\" src=\"http:\/\/simonaugade.fr\/wp-content\/uploads\/2020\/04\/1_IGP3979-WEB.jpg\" class=\"advgb-image-slider-img\" alt=\"Slider image\" style=\"width:350px;height:auto\"\/><div class=\"advgb-image-slider-item-info\" style=\"justify-content:center;align-items:center\"><a class=\"advgb-image-slider-overlay\" target=\"_blank\" rel=\"noopener noreferrer\" href=\"#\"><\/a><\/div><\/div><div class=\"advgb-image-slider-item\"><img decoding=\"async\" src=\"http:\/\/simonaugade.fr\/wp-content\/uploads\/2020\/04\/2_IGP3972-WEB.jpg\" class=\"advgb-image-slider-img\" alt=\"Slider image\" style=\"width:350px;height:auto\"\/><div class=\"advgb-image-slider-item-info\" style=\"justify-content:center;align-items:center\"><a class=\"advgb-image-slider-overlay\" target=\"_blank\" rel=\"noopener noreferrer\" href=\"#\"><\/a><\/div><\/div><div class=\"advgb-image-slider-item\"><img decoding=\"async\" src=\"http:\/\/simonaugade.fr\/wp-content\/uploads\/2020\/04\/4_IGP3954-WEB.jpg\" class=\"advgb-image-slider-img\" alt=\"Slider image\" style=\"width:350px;height:auto\"\/><div class=\"advgb-image-slider-item-info\" style=\"justify-content:center;align-items:center\"><a class=\"advgb-image-slider-overlay\" target=\"_blank\" rel=\"noopener noreferrer\" href=\"#\"><\/a><\/div><\/div><div class=\"advgb-image-slider-item\"><img decoding=\"async\" src=\"http:\/\/simonaugade.fr\/wp-content\/uploads\/2020\/04\/3_IGP3953-WEB.jpg\" class=\"advgb-image-slider-img\" alt=\"Slider image\" style=\"width:350px;height:auto\"\/><div class=\"advgb-image-slider-item-info\" style=\"justify-content:center;align-items:center\"><a class=\"advgb-image-slider-overlay\" target=\"_blank\" rel=\"noopener noreferrer\" href=\"#\"><\/a><\/div><\/div><div class=\"advgb-image-slider-item\"><img decoding=\"async\" src=\"http:\/\/simonaugade.fr\/wp-content\/uploads\/2020\/04\/5_IGP3928-WEB.jpg\" class=\"advgb-image-slider-img\" alt=\"Slider image\" style=\"width:350px;height:auto\"\/><div class=\"advgb-image-slider-item-info\" style=\"justify-content:center;align-items:center\"><a class=\"advgb-image-slider-overlay\" target=\"_blank\" rel=\"noopener noreferrer\" href=\"#\"><\/a><\/div><\/div><div class=\"advgb-image-slider-item\"><img decoding=\"async\" src=\"http:\/\/simonaugade.fr\/wp-content\/uploads\/2020\/04\/6_IGP3929-WEB.jpg\" class=\"advgb-image-slider-img\" alt=\"Slider image\" style=\"width:350px;height:auto\"\/><div class=\"advgb-image-slider-item-info\" style=\"justify-content:center;align-items:center\"><a class=\"advgb-image-slider-overlay\" target=\"_blank\" rel=\"noopener noreferrer\" href=\"#\"><\/a><\/div><\/div><div class=\"advgb-image-slider-item\"><img decoding=\"async\" src=\"http:\/\/simonaugade.fr\/wp-content\/uploads\/2020\/04\/7_IGP3932-WEB.jpg\" class=\"advgb-image-slider-img\" alt=\"Slider image\" style=\"width:350px;height:auto\"\/><div class=\"advgb-image-slider-item-info\" style=\"justify-content:center;align-items:center\"><a class=\"advgb-image-slider-overlay\" target=\"_blank\" rel=\"noopener noreferrer\" href=\"#\"><\/a><\/div><\/div><div class=\"advgb-image-slider-item\"><img decoding=\"async\" src=\"http:\/\/simonaugade.fr\/wp-content\/uploads\/2020\/04\/8_IGP3925-WEB.jpg\" class=\"advgb-image-slider-img\" alt=\"Slider image\" style=\"width:350px;height:auto\"\/><div class=\"advgb-image-slider-item-info\" style=\"justify-content:center;align-items:center\"><a class=\"advgb-image-slider-overlay\" target=\"_blank\" rel=\"noopener noreferrer\" href=\"#\"><\/a><\/div><\/div><\/div><\/div>\n<\/div>\n\n\n\n<div class=\"wp-block-column is-layout-flow wp-block-column-is-layout-flow\" style=\"flex-basis:25%\"><\/div>\n<\/div>\n<\/div><\/div>\n","protected":false},"excerpt":{"rendered":"<p>LE BOIS DANS TOUS SES ETATS Ateliers men\u00e9s durant la r\u00e9sidence artistique au coll\u00e8ge Mar\u00e9chal Foch \u00e0 Arreau, r\u00e9alis\u00e9e dans le cadre du projet Le Bois dans tous ses \u00e9tats, impuls\u00e9 par l\u2019association le Transfo C2 l\u2019art. Proposition de deux principes. L\u2019un mettant en relation un cube noir et des baguettes de bois blanc, souples ou rigides. L\u2019autre jouant de l\u2019assemblage de multiples plaques de bois rectangulaires multicolores sur un<\/p>\n<div class=\"read-more\"><a class=\"btn read-more-btn\" href=\"https:\/\/simonaugade.fr\/?page_id=2213\">Lire la suite<\/a><\/div>\n","protected":false},"author":1,"featured_media":2484,"parent":0,"menu_order":0,"comment_status":"closed","ping_status":"closed","template":"","meta":{"_uag_custom_page_level_css":"","advgb_blocks_editor_width":"","advgb_blocks_columns_visual_guide":"","pgc_sgb_lightbox_settings":"","_vp_format_video_url":"","_vp_image_focal_point":[],"footnotes":""},"class_list":["post-2213","page","type-page","status-publish","has-post-thumbnail","hentry"],"featured_image_urls_v2":{"full":["https:\/\/simonaugade.fr\/wp-content\/uploads\/2020\/04\/CARRE-6_IGP3939-WEB.jpg",1083,1080,false],"thumbnail":["https:\/\/simonaugade.fr\/wp-content\/uploads\/2020\/04\/CARRE-6_IGP3939-WEB-150x150.jpg",150,150,true],"medium":["https:\/\/simonaugade.fr\/wp-content\/uploads\/2020\/04\/CARRE-6_IGP3939-WEB-300x300.jpg",300,300,true],"medium_large":["https:\/\/simonaugade.fr\/wp-content\/uploads\/2020\/04\/CARRE-6_IGP3939-WEB-768x766.jpg",640,638,true],"large":["https:\/\/simonaugade.fr\/wp-content\/uploads\/2020\/04\/CARRE-6_IGP3939-WEB-1024x1021.jpg",640,638,true],"1536x1536":["https:\/\/simonaugade.fr\/wp-content\/uploads\/2020\/04\/CARRE-6_IGP3939-WEB.jpg",1083,1080,false],"2048x2048":["https:\/\/simonaugade.fr\/wp-content\/uploads\/2020\/04\/CARRE-6_IGP3939-WEB.jpg",1083,1080,false],"vp_sm":["https:\/\/simonaugade.fr\/wp-content\/uploads\/2020\/04\/CARRE-6_IGP3939-WEB-500x500.jpg",500,500,true],"vp_md":["https:\/\/simonaugade.fr\/wp-content\/uploads\/2020\/04\/CARRE-6_IGP3939-WEB-800x798.jpg",800,798,true],"vp_lg":["https:\/\/simonaugade.fr\/wp-content\/uploads\/2020\/04\/CARRE-6_IGP3939-WEB.jpg",1083,1080,false],"vp_xl":["https:\/\/simonaugade.fr\/wp-content\/uploads\/2020\/04\/CARRE-6_IGP3939-WEB.jpg",1083,1080,false],"vp_sm_popup":["https:\/\/simonaugade.fr\/wp-content\/uploads\/2020\/04\/CARRE-6_IGP3939-WEB-500x500.jpg",500,500,true],"vp_md_popup":["https:\/\/simonaugade.fr\/wp-content\/uploads\/2020\/04\/CARRE-6_IGP3939-WEB-800x798.jpg",800,798,true],"vp_xl_popup":["https:\/\/simonaugade.fr\/wp-content\/uploads\/2020\/04\/CARRE-6_IGP3939-WEB.jpg",1083,1080,false]},"post_excerpt_stackable_v2":"<p>Restitution des travaux des \u00e9l\u00e8ves de 4\u00e8me, Coll\u00e8ge Mar\u00e9chal Foch &#8211; ARREAU, 2017. LE BOIS DANS TOUS SES ETATS Ateliers men\u00e9s durant la r\u00e9sidence artistique au coll\u00e8ge Mar\u00e9chal Foch \u00e0 Arreau, r\u00e9alis\u00e9e dans le cadre du projet Le Bois dans tous ses \u00e9tats, impuls\u00e9 par l\u2019association le Transfo C2 l\u2019art.Proposition de deux principes. L\u2019un mettant en relation un cube noir et des baguettes de bois blanc, souples ou rigides. L\u2019autre jouant de l\u2019assemblage de multiples plaques de bois rectangulaires multicolores sur un parall\u00e9l\u00e9pip\u00e8de blanc. L\u2019objet de l\u2019atelier consistait \u00e0 confronter ces \u00e9l\u00e9ments les uns face aux autres. Aussi, les notions\u2026<\/p>\n","category_list_v2":"","author_info_v2":{"name":"admin9868","url":"https:\/\/simonaugade.fr\/?author=1"},"comments_num_v2":"0 commentaire","uagb_featured_image_src":{"full":["https:\/\/simonaugade.fr\/wp-content\/uploads\/2020\/04\/CARRE-6_IGP3939-WEB.jpg",1083,1080,false],"thumbnail":["https:\/\/simonaugade.fr\/wp-content\/uploads\/2020\/04\/CARRE-6_IGP3939-WEB-150x150.jpg",150,150,true],"medium":["https:\/\/simonaugade.fr\/wp-content\/uploads\/2020\/04\/CARRE-6_IGP3939-WEB-300x300.jpg",300,300,true],"medium_large":["https:\/\/simonaugade.fr\/wp-content\/uploads\/2020\/04\/CARRE-6_IGP3939-WEB-768x766.jpg",640,638,true],"large":["https:\/\/simonaugade.fr\/wp-content\/uploads\/2020\/04\/CARRE-6_IGP3939-WEB-1024x1021.jpg",640,638,true],"1536x1536":["https:\/\/simonaugade.fr\/wp-content\/uploads\/2020\/04\/CARRE-6_IGP3939-WEB.jpg",1083,1080,false],"2048x2048":["https:\/\/simonaugade.fr\/wp-content\/uploads\/2020\/04\/CARRE-6_IGP3939-WEB.jpg",1083,1080,false],"vp_sm":["https:\/\/simonaugade.fr\/wp-content\/uploads\/2020\/04\/CARRE-6_IGP3939-WEB-500x500.jpg",500,500,true],"vp_md":["https:\/\/simonaugade.fr\/wp-content\/uploads\/2020\/04\/CARRE-6_IGP3939-WEB-800x798.jpg",800,798,true],"vp_lg":["https:\/\/simonaugade.fr\/wp-content\/uploads\/2020\/04\/CARRE-6_IGP3939-WEB.jpg",1083,1080,false],"vp_xl":["https:\/\/simonaugade.fr\/wp-content\/uploads\/2020\/04\/CARRE-6_IGP3939-WEB.jpg",1083,1080,false],"vp_sm_popup":["https:\/\/simonaugade.fr\/wp-content\/uploads\/2020\/04\/CARRE-6_IGP3939-WEB-500x500.jpg",500,500,true],"vp_md_popup":["https:\/\/simonaugade.fr\/wp-content\/uploads\/2020\/04\/CARRE-6_IGP3939-WEB-800x798.jpg",800,798,true],"vp_xl_popup":["https:\/\/simonaugade.fr\/wp-content\/uploads\/2020\/04\/CARRE-6_IGP3939-WEB.jpg",1083,1080,false]},"uagb_author_info":{"display_name":"admin9868","author_link":"https:\/\/simonaugade.fr\/?author=1"},"uagb_comment_info":0,"uagb_excerpt":"LE BOIS DANS TOUS SES ETATS Ateliers men\u00e9s durant la r\u00e9sidence artistique au coll\u00e8ge Mar\u00e9chal Foch \u00e0 Arreau, r\u00e9alis\u00e9e dans le cadre du projet Le Bois dans tous ses \u00e9tats, impuls\u00e9 par l\u2019association le Transfo C2 l\u2019art. Proposition de deux principes. L\u2019un mettant en relation un cube noir et des baguettes de bois blanc, souples\u2026","coauthors":[],"author_meta":{"author_link":"https:\/\/simonaugade.fr\/?author=1","display_name":"admin9868"},"relative_dates":{"created":"Publi\u00e9 9 ans il y a","modified":"Mis \u00e0 jour 6 ans il y a"},"absolute_dates":{"created":"Publi\u00e9 le 17 avril 2017","modified":"Mise \u00e0 jour le 7 mai 2020"},"absolute_dates_time":{"created":"Publi\u00e9 le 17 avril 2017 15 h 51 min","modified":"Mise \u00e0 jour le 7 mai 2020 12 h 19 min"},"featured_img_caption":"","featured_img":"https:\/\/simonaugade.fr\/wp-content\/uploads\/2020\/04\/CARRE-6_IGP3939-WEB.jpg","series_order":"","_links":{"self":[{"href":"https:\/\/simonaugade.fr\/index.php?rest_route=\/wp\/v2\/pages\/2213","targetHints":{"allow":["GET"]}}],"collection":[{"href":"https:\/\/simonaugade.fr\/index.php?rest_route=\/wp\/v2\/pages"}],"about":[{"href":"https:\/\/simonaugade.fr\/index.php?rest_route=\/wp\/v2\/types\/page"}],"author":[{"embeddable":true,"href":"https:\/\/simonaugade.fr\/index.php?rest_route=\/wp\/v2\/users\/1"}],"replies":[{"embeddable":true,"href":"https:\/\/simonaugade.fr\/index.php?rest_route=%2Fwp%2Fv2%2Fcomments&post=2213"}],"version-history":[{"count":14,"href":"https:\/\/simonaugade.fr\/index.php?rest_route=\/wp\/v2\/pages\/2213\/revisions"}],"predecessor-version":[{"id":3438,"href":"https:\/\/simonaugade.fr\/index.php?rest_route=\/wp\/v2\/pages\/2213\/revisions\/3438"}],"wp:featuredmedia":[{"embeddable":true,"href":"https:\/\/simonaugade.fr\/index.php?rest_route=\/wp\/v2\/media\/2484"}],"wp:attachment":[{"href":"https:\/\/simonaugade.fr\/index.php?rest_route=%2Fwp%2Fv2%2Fmedia&parent=2213"}],"curies":[{"name":"wp","href":"https:\/\/api.w.org\/{rel}","templated":true}]}}